{"id":267,"date":"2026-08-10T13:40:24","date_gmt":"2026-08-10T13:40:24","guid":{"rendered":"https:\/\/ronjakarkinen.fi\/?page_id=267"},"modified":"2026-08-28T21:39:59","modified_gmt":"2026-08-28T21:39:59","slug":"etusivu2-2","status":"publish","type":"page","link":"https:\/\/ronjakarkinen.fi\/","title":{"rendered":"Etusivu2"},"content":{"rendered":"\t\t<div data-elementor-type=\"wp-page\" data-elementor-id=\"267\" class=\"elementor elementor-267\" data-elementor-post-type=\"page\">\n\t\t\t\t<div class=\"elementor-element elementor-element-e7fe667 e-con e-atomic-element e-flexbox-base e-71f3be5 \" data-id=\"e7fe667\" data-element_type=\"e-flexbox\" data-e-type=\"e-flexbox\" data-interaction-id=\"e7fe667\" data-e-type=\"e-flexbox\" data-id=\"e7fe667\">\n    \t\t\t<img fetchpriority=\"high\" decoding=\"async\" class=\"e-image-base \" data-interaction-id=\"86a9730\" data-e-type=\"widget\" data-id=\"86a9730\" id=\"422\" src=\"https:\/\/ronjakarkinen.fi\/wp-content\/uploads\/2026\/08\/Copy-of-Instagram-19.2-x-17-cm.png\" width=\"1920\" height=\"700\" srcset=\"https:\/\/ronjakarkinen.fi\/wp-content\/uploads\/2026\/08\/Copy-of-Instagram-19.2-x-17-cm.png 1920w, https:\/\/ronjakarkinen.fi\/wp-content\/uploads\/2026\/08\/Copy-of-Instagram-19.2-x-17-cm-300x109.png 300w, https:\/\/ronjakarkinen.fi\/wp-content\/uploads\/2026\/08\/Copy-of-Instagram-19.2-x-17-cm-1024x373.png 1024w, https:\/\/ronjakarkinen.fi\/wp-content\/uploads\/2026\/08\/Copy-of-Instagram-19.2-x-17-cm-768x280.png 768w, https:\/\/ronjakarkinen.fi\/wp-content\/uploads\/2026\/08\/Copy-of-Instagram-19.2-x-17-cm-1536x560.png 1536w, https:\/\/ronjakarkinen.fi\/wp-content\/uploads\/2026\/08\/Copy-of-Instagram-19.2-x-17-cm-165x60.png 165w\" alt=\"\"\/>\t\t\n<\/div>\n<div class=\"elementor-element elementor-element-17de097 e-con e-atomic-element e-flexbox-base e-733a855 \" data-id=\"17de097\" data-element_type=\"e-flexbox\" data-e-type=\"e-flexbox\" data-interaction-id=\"17de097\" data-e-type=\"e-flexbox\" data-id=\"17de097\">\n    \t\t<div class=\"elementor-element elementor-element-acb91e2 elementor-widget elementor-widget-text-editor\" data-id=\"acb91e2\" data-element_type=\"widget\" data-e-type=\"widget\" data-widget_type=\"text-editor.default\">\n\t\t\t\t\t\t\t\t\t<p><strong>Olen Vihreiden ehdokkaana eduskuntavaaleissa 2027 Uudenmaan vaalipiirist\u00e4.<\/strong><\/p><p><strong>Olen valmis tekem\u00e4\u00e4n ekologisen kriisin aikakauden politiikkaa, joka asettuu ymp\u00e4rist\u00f6n raameihin. Ylikulutuksen on loputtava ja politiikan onnistumista on mitattava muulla kuin yksin bruttokansantuotteella. Kasvunpakon politiikasta on siirrytt\u00e4v\u00e4 kohtuutalouteen.<\/strong><\/p>\t\t\t\t\t\t\t\t<\/div>\n\t\t\n<\/div>\n<div class=\"elementor-element elementor-element-2a6de98 e-flex e-con-boxed e-con e-parent\" data-id=\"2a6de98\" data-element_type=\"container\" data-e-type=\"container\">\n\t\t\t\t\t<div class=\"e-con-inner\">\n\t\t\t\t\t<h2 data-interaction-id=\"fd28d4c\" class=\"e-fd28d4c-898f66a e-heading-base\" data-e-type=\"widget\" data-id=\"fd28d4c\">Viimeisimm\u00e4t kirjoitukseni<\/h2>\n\t\t\t\t<div class=\"elementor-element elementor-element-9e61dfd elementor-posts--align-left elementor-grid-3 elementor-grid-tablet-2 elementor-grid-mobile-1 elementor-posts--thumbnail-top elementor-widget elementor-widget-posts\" data-id=\"9e61dfd\" data-element_type=\"widget\" data-e-type=\"widget\" data-settings=\"{&quot;classic_columns&quot;:&quot;3&quot;,&quot;classic_columns_tablet&quot;:&quot;2&quot;,&quot;classic_columns_mobile&quot;:&quot;1&quot;,&quot;classic_row_gap&quot;:{&quot;unit&quot;:&quot;px&quot;,&quot;size&quot;:35,&quot;sizes&quot;:[]},&quot;classic_row_gap_tablet&quot;:{&quot;unit&quot;:&quot;px&quot;,&quot;size&quot;:&quot;&quot;,&quot;sizes&quot;:[]},&quot;classic_row_gap_mobile&quot;:{&quot;unit&quot;:&quot;px&quot;,&quot;size&quot;:&quot;&quot;,&quot;sizes&quot;:[]}}\" data-widget_type=\"posts.classic\">\n\t\t\t\t<div class=\"elementor-widget-container\">\n\t\t\t\t\t\t\t<div class=\"elementor-posts-container elementor-posts elementor-posts--skin-classic elementor-grid\" role=\"list\">\n\t\t\t\t<article class=\"elementor-post elementor-grid-item post-250 post type-post status-publish format-standard has-post-thumbnail hentry category-oikeus-ja-kohtuus tag-hoiva tag-hoivavastuu tag-naiset tag-pam tag-tasa-arvo tag-vanhusten-hoito\" role=\"listitem\">\n\t\t\t\t<a class=\"elementor-post__thumbnail__link\" href=\"https:\/\/ronjakarkinen.fi\/index.php\/2026\/05\/06\/vanhemmista-huolehtiminen-ei-voi-jaada-naisten-vastuulle-iakkaan-ihmisen-hoivaan-tarvitaan-ammattilaisia\/\" tabindex=\"-1\" >\n\t\t\t<div class=\"elementor-post__thumbnail\"><img decoding=\"async\" width=\"300\" height=\"169\" src=\"https:\/\/ronjakarkinen.fi\/wp-content\/uploads\/2026\/05\/Untitled-design3-300x169.png\" class=\"attachment-medium size-medium wp-image-252\" alt=\"\" srcset=\"https:\/\/ronjakarkinen.fi\/wp-content\/uploads\/2026\/05\/Untitled-design3-300x169.png 300w, https:\/\/ronjakarkinen.fi\/wp-content\/uploads\/2026\/05\/Untitled-design3-1024x576.png 1024w, https:\/\/ronjakarkinen.fi\/wp-content\/uploads\/2026\/05\/Untitled-design3-768x432.png 768w, https:\/\/ronjakarkinen.fi\/wp-content\/uploads\/2026\/05\/Untitled-design3-107x60.png 107w, https:\/\/ronjakarkinen.fi\/wp-content\/uploads\/2026\/05\/Untitled-design3.png 1280w\" sizes=\"(max-width: 300px) 100vw, 300px\" \/><\/div>\n\t\t<\/a>\n\t\t\t\t<div class=\"elementor-post__text\">\n\t\t\t\t<h3 class=\"elementor-post__title\">\n\t\t\t<a href=\"https:\/\/ronjakarkinen.fi\/index.php\/2026\/05\/06\/vanhemmista-huolehtiminen-ei-voi-jaada-naisten-vastuulle-iakkaan-ihmisen-hoivaan-tarvitaan-ammattilaisia\/\" >\n\t\t\t\tVanhemmista huolehtiminen ei voi j\u00e4\u00e4d\u00e4 naisten vastuulle &#8211; i\u00e4kk\u00e4\u00e4n ihmisen hoivaan tarvitaan ammattilaisia\t\t\t<\/a>\n\t\t<\/h3>\n\t\t\t\t<div class=\"elementor-post__meta-data\">\n\t\t\t\t\t<span class=\"elementor-post-date\">\n\t\t\t6 toukokuun, 2026\t\t<\/span>\n\t\t\t\t<\/div>\n\t\t\t\t<div class=\"elementor-post__excerpt\">\n\t\t\t<p>Arviot suomalaisista, jotka pit\u00e4v\u00e4t s\u00e4\u00e4nn\u00f6llisesti huolta l\u00e4hiomaisistaan, vaihtelevat 700 000 ja yli miljoonan v\u00e4lill\u00e4. Useasta suunnasta on esitetty vastauksena valtiontalouden ongelmiin hoivavastuun siirt\u00e4mist\u00e4 eneneviss\u00e4 m\u00e4\u00e4rin perheille. T\u00e4ss\u00e4 tulee huomata, ett\u00e4 mit\u00e4\u00e4n k\u00e4ytt\u00e4m\u00e4t\u00f6nt\u00e4 reservi\u00e4 ei ole &#8211; lapset hoivaavat jo t\u00e4ll\u00e4 hetkell\u00e4 runsaasti ik\u00e4\u00e4ntyneit\u00e4 vanhempiaan.&nbsp; Samalla t\u00e4m\u00e4 hoiva on sukupuolittunutta. V\u00e4est\u00f6liiton mukaan 100 000 ty\u00f6ik\u00e4ist\u00e4 hoitaa<\/p>\n\t\t<\/div>\n\t\t\t\t\t<div class=\"elementor-post__read-more-wrapper\">\n\t\t\n\t\t<a class=\"elementor-post__read-more\" href=\"https:\/\/ronjakarkinen.fi\/index.php\/2026\/05\/06\/vanhemmista-huolehtiminen-ei-voi-jaada-naisten-vastuulle-iakkaan-ihmisen-hoivaan-tarvitaan-ammattilaisia\/\" aria-label=\"Read more about Vanhemmista huolehtiminen ei voi j\u00e4\u00e4d\u00e4 naisten vastuulle &#8211; i\u00e4kk\u00e4\u00e4n ihmisen hoivaan tarvitaan ammattilaisia\" tabindex=\"-1\" >\n\t\t\tLue lis\u00e4\u00e4\t\t<\/a>\n\n\t\t\t\t\t<\/div>\n\t\t\t\t<\/div>\n\t\t\t\t<\/article>\n\t\t\t\t<article class=\"elementor-post elementor-grid-item post-241 post type-post status-publish format-standard has-post-thumbnail hentry category-koyhyys tag-euroopan-unioni tag-koyhyyden-vastainen-strategia tag-koyhyys tag-maria-ohisalo\" role=\"listitem\">\n\t\t\t\t<a class=\"elementor-post__thumbnail__link\" href=\"https:\/\/ronjakarkinen.fi\/index.php\/2026\/04\/08\/koyhyys-on-poliittinen-valinta-ja-poistettavissa\/\" tabindex=\"-1\" >\n\t\t\t<div class=\"elementor-post__thumbnail\"><img decoding=\"async\" width=\"300\" height=\"169\" src=\"https:\/\/ronjakarkinen.fi\/wp-content\/uploads\/2026\/04\/Untitled-design1-300x169.png\" class=\"attachment-medium size-medium wp-image-246\" alt=\"\" srcset=\"https:\/\/ronjakarkinen.fi\/wp-content\/uploads\/2026\/04\/Untitled-design1-300x169.png 300w, https:\/\/ronjakarkinen.fi\/wp-content\/uploads\/2026\/04\/Untitled-design1-1024x576.png 1024w, https:\/\/ronjakarkinen.fi\/wp-content\/uploads\/2026\/04\/Untitled-design1-768x432.png 768w, https:\/\/ronjakarkinen.fi\/wp-content\/uploads\/2026\/04\/Untitled-design1-107x60.png 107w, https:\/\/ronjakarkinen.fi\/wp-content\/uploads\/2026\/04\/Untitled-design1.png 1280w\" sizes=\"(max-width: 300px) 100vw, 300px\" \/><\/div>\n\t\t<\/a>\n\t\t\t\t<div class=\"elementor-post__text\">\n\t\t\t\t<h3 class=\"elementor-post__title\">\n\t\t\t<a href=\"https:\/\/ronjakarkinen.fi\/index.php\/2026\/04\/08\/koyhyys-on-poliittinen-valinta-ja-poistettavissa\/\" >\n\t\t\t\tK\u00f6yhyys on poliittinen valinta \u2013 ja poistettavissa\t\t\t<\/a>\n\t\t<\/h3>\n\t\t\t\t<div class=\"elementor-post__meta-data\">\n\t\t\t\t\t<span class=\"elementor-post-date\">\n\t\t\t8 huhtikuun, 2026\t\t<\/span>\n\t\t\t\t<\/div>\n\t\t\t\t<div class=\"elementor-post__excerpt\">\n\t\t\t<p>Viime vuosisatoina n\u00e4hty h\u00e4mm\u00e4stytt\u00e4v\u00e4 vaurauden kasvu on muuttanut perustavanlaatuisesti yhteiskuntiamme. K\u00f6yhyys ei ole en\u00e4\u00e4 v\u00e4ist\u00e4m\u00e4t\u00f6n osa ihmiskunnan todellisuutta, vaan suoraa seurausta poliittisista valinnoista ja resurssien ep\u00e4tasaisesta jakautumisesta. \u00c4\u00e4rimm\u00e4inen k\u00f6yhyys olisi taloudellisesti mahdollista poistaa, jos poliittista tahtoa olisi.&nbsp; Koska verkottuneen talouden maailmassa ongelma on yhteinen, k\u00f6yhyyden poistaminen edellytt\u00e4\u00e4 yhteisty\u00f6t\u00e4 my\u00f6s kansainv\u00e4lisesti. Euroopan unionissa valmistellaan ensimm\u00e4ist\u00e4 k\u00f6yhyyden<\/p>\n\t\t<\/div>\n\t\t\t\t\t<div class=\"elementor-post__read-more-wrapper\">\n\t\t\n\t\t<a class=\"elementor-post__read-more\" href=\"https:\/\/ronjakarkinen.fi\/index.php\/2026\/04\/08\/koyhyys-on-poliittinen-valinta-ja-poistettavissa\/\" aria-label=\"Read more about K\u00f6yhyys on poliittinen valinta \u2013 ja poistettavissa\" tabindex=\"-1\" >\n\t\t\tLue lis\u00e4\u00e4\t\t<\/a>\n\n\t\t\t\t\t<\/div>\n\t\t\t\t<\/div>\n\t\t\t\t<\/article>\n\t\t\t\t<article class=\"elementor-post elementor-grid-item post-234 post type-post status-publish format-standard has-post-thumbnail hentry category-kuntamme-asiat tag-arkkitehtuuri tag-juha-leiviska tag-kirkkonummen-seurakuntatalo tag-leiviska\" role=\"listitem\">\n\t\t\t\t<a class=\"elementor-post__thumbnail__link\" href=\"https:\/\/ronjakarkinen.fi\/index.php\/2026\/02\/19\/kuka-ottaisi-arkkitehtuurihelmen-omakseen\/\" tabindex=\"-1\" >\n\t\t\t<div class=\"elementor-post__thumbnail\"><img loading=\"lazy\" decoding=\"async\" width=\"300\" height=\"137\" src=\"https:\/\/ronjakarkinen.fi\/wp-content\/uploads\/2026\/02\/valonsieppaaja-300x137.png\" class=\"attachment-medium size-medium wp-image-236\" alt=\"\" srcset=\"https:\/\/ronjakarkinen.fi\/wp-content\/uploads\/2026\/02\/valonsieppaaja-300x137.png 300w, https:\/\/ronjakarkinen.fi\/wp-content\/uploads\/2026\/02\/valonsieppaaja-131x60.png 131w, https:\/\/ronjakarkinen.fi\/wp-content\/uploads\/2026\/02\/valonsieppaaja.png 718w\" sizes=\"(max-width: 300px) 100vw, 300px\" \/><\/div>\n\t\t<\/a>\n\t\t\t\t<div class=\"elementor-post__text\">\n\t\t\t\t<h3 class=\"elementor-post__title\">\n\t\t\t<a href=\"https:\/\/ronjakarkinen.fi\/index.php\/2026\/02\/19\/kuka-ottaisi-arkkitehtuurihelmen-omakseen\/\" >\n\t\t\t\tKuka ottaisi arkkitehtuurihelmen omakseen?\t\t\t<\/a>\n\t\t<\/h3>\n\t\t\t\t<div class=\"elementor-post__meta-data\">\n\t\t\t\t\t<span class=\"elementor-post-date\">\n\t\t\t19 helmikuun, 2026\t\t<\/span>\n\t\t\t\t<\/div>\n\t\t\t\t<div class=\"elementor-post__excerpt\">\n\t\t\t<p>Osallistuin viime viikolla Fyyriss\u00e4 j\u00e4rjestettyyn Valon sieppaaja -elokuvan\u00e4yt\u00f6kseen. Komea puolituntinen kertoi Juha Leivisk\u00e4st\u00e4, yhdest\u00e4 Suomen kansainv\u00e4lisesti kuuluisimmasta arkkitehdista. Leivisk\u00e4ll\u00e4 oli ainutlaatuinen tyyli j\u00e4rjest\u00e4\u00e4 rakennuksiin eri suuntaisia pilareita, joilla h\u00e4n sai valon hajaantumaan ja kerrostumaan osaksi tilan arkkitehtuuria. 2023 edesmenneen Leivisk\u00e4n el\u00e4m\u00e4nty\u00f6 on ajankohtainen aihe Kirkkonummella, sill\u00e4 h\u00e4nen suunnittelemansa seurakuntatalo on jo pitk\u00e4\u00e4n ollut m\u00e4\u00e4r\u00e4 purkaa.<\/p>\n\t\t<\/div>\n\t\t\t\t\t<div class=\"elementor-post__read-more-wrapper\">\n\t\t\n\t\t<a class=\"elementor-post__read-more\" href=\"https:\/\/ronjakarkinen.fi\/index.php\/2026\/02\/19\/kuka-ottaisi-arkkitehtuurihelmen-omakseen\/\" aria-label=\"Read more about Kuka ottaisi arkkitehtuurihelmen omakseen?\" tabindex=\"-1\" >\n\t\t\tLue lis\u00e4\u00e4\t\t<\/a>\n\n\t\t\t\t\t<\/div>\n\t\t\t\t<\/div>\n\t\t\t\t<\/article>\n\t\t\t\t<\/div>\n\t\t\n\t\t\t\t\t\t<\/div>\n\t\t\t\t<\/div>\n\t\t\t\t\t<\/div>\n\t\t\t\t<\/div>\n\t\t<div class=\"elementor-element elementor-element-c46569a e-con e-atomic-element e-flexbox-base e-3d2c2c7 \" data-id=\"c46569a\" data-element_type=\"e-flexbox\" data-e-type=\"e-flexbox\" data-interaction-id=\"c46569a\" data-e-type=\"e-flexbox\" data-id=\"c46569a\">\n    \t\t<div class=\"elementor-element elementor-element-0776c40 elementor-widget-divider--view-line elementor-widget elementor-widget-divider\" data-id=\"0776c40\" data-element_type=\"widget\" data-e-type=\"widget\" data-widget_type=\"divider.default\">\n\t\t\t\t\t\t\t<div class=\"elementor-divider\">\n\t\t\t<span class=\"elementor-divider-separator\">\n\t\t\t\t\t\t<\/span>\n\t\t<\/div>\n\t\t\t\t\t\t<\/div>\n\t\t\n<\/div>\n<div class=\"elementor-element elementor-element-5004bba e-con e-atomic-element e-flexbox-base e-a75a2a0 \" data-id=\"5004bba\" data-element_type=\"e-flexbox\" data-e-type=\"e-flexbox\" data-interaction-id=\"5004bba\" data-e-type=\"e-flexbox\" data-id=\"5004bba\">\n    <div class=\"elementor-element elementor-element-4084a85 e-con e-atomic-element e-flexbox-base e-6562906 \" data-id=\"4084a85\" data-element_type=\"e-flexbox\" data-e-type=\"e-flexbox\" data-interaction-id=\"4084a85\" data-e-type=\"e-flexbox\" data-id=\"4084a85\">\n    \n<\/div>\n<div class=\"elementor-element elementor-element-4e441c7 e-con e-atomic-element e-flexbox-base e-5815416 \" data-id=\"4e441c7\" data-element_type=\"e-flexbox\" data-e-type=\"e-flexbox\" data-interaction-id=\"4e441c7\" data-e-type=\"e-flexbox\" data-id=\"4e441c7\">\n    \n<\/div>\n<div class=\"elementor-element elementor-element-4bf4812 e-con e-atomic-element e-flexbox-base e-cd0f515 \" data-id=\"4bf4812\" data-element_type=\"e-flexbox\" data-e-type=\"e-flexbox\" data-interaction-id=\"4bf4812\" data-e-type=\"e-flexbox\" data-id=\"4bf4812\">\n    \n<\/div>\n<div class=\"elementor-element elementor-element-7b09aa0 e-con e-atomic-element e-flexbox-base e-574145b \" data-id=\"7b09aa0\" data-element_type=\"e-flexbox\" data-e-type=\"e-flexbox\" data-interaction-id=\"7b09aa0\" data-e-type=\"e-flexbox\" data-id=\"7b09aa0\">\n    \n<\/div>\n\n<\/div>\n\t\t<\/div>\n\t\t","protected":false},"excerpt":{"rendered":"<p>Olen Vihreiden ehdokkaana eduskuntavaaleissa 2027 Uudenmaan vaalipiirist\u00e4. Olen valmis tekem\u00e4\u00e4n ekologisen kriisin aikakauden politiikkaa, joka asettuu ymp\u00e4rist\u00f6n raameihin. Ylikulutuksen on loputtava ja politiikan onnistumista on mitattava muulla kuin yksin bruttokansantuotteella. Kasvunpakon politiikasta on siirrytt\u00e4v\u00e4 kohtuutalouteen. Viimeisimm\u00e4t kirjoitukseni<\/p>\n","protected":false},"author":1,"featured_media":0,"parent":0,"menu_order":0,"comment_status":"closed","ping_status":"closed","template":"elementor_header_footer","meta":{"footnotes":""},"class_list":["post-267","page","type-page","status-publish","hentry","grid-sizer"],"_links":{"self":[{"href":"https:\/\/ronjakarkinen.fi\/index.php\/wp-json\/wp\/v2\/pages\/267","targetHints":{"allow":["GET"]}}],"collection":[{"href":"https:\/\/ronjakarkinen.fi\/index.php\/wp-json\/wp\/v2\/pages"}],"about":[{"href":"https:\/\/ronjakarkinen.fi\/index.php\/wp-json\/wp\/v2\/types\/page"}],"author":[{"embeddable":true,"href":"https:\/\/ronjakarkinen.fi\/index.php\/wp-json\/wp\/v2\/users\/1"}],"replies":[{"embeddable":true,"href":"https:\/\/ronjakarkinen.fi\/index.php\/wp-json\/wp\/v2\/comments?post=267"}],"version-history":[{"count":79,"href":"https:\/\/ronjakarkinen.fi\/index.php\/wp-json\/wp\/v2\/pages\/267\/revisions"}],"predecessor-version":[{"id":441,"href":"https:\/\/ronjakarkinen.fi\/index.php\/wp-json\/wp\/v2\/pages\/267\/revisions\/441"}],"wp:attachment":[{"href":"https:\/\/ronjakarkinen.fi\/index.php\/wp-json\/wp\/v2\/media?parent=267"}],"curies":[{"name":"wp","href":"https:\/\/api.w.org\/{rel}","templated":true}]}}